{"id":11254,"date":"2020-11-21T22:22:37","date_gmt":"2020-11-21T22:22:37","guid":{"rendered":"https:\/\/capazmente.com\/investigacion\/?page_id=11254"},"modified":"2021-03-16T18:17:33","modified_gmt":"2021-03-16T18:17:33","slug":"linea5-antropologia-medica","status":"publish","type":"page","link":"https:\/\/ciesas.edu.mx\/investigacion\/agrupacion-tematica-y-por-sedes\/linea5-antropologia-medica\/","title":{"rendered":"L\u00ednea 5. Antropolog\u00eda m\u00e9dica"},"content":{"rendered":"\n<div class=\"wp-block-qubely-row qubely-section qubely-block-cac464\"><div class=\"qubely-row-overlay\"><\/div><div class=\"qubely-container\"><div class=\"qubely-row \">\n<div class=\"wp-block-qubely-column qubely-column qubely-column-front qubely-block-35f37d\"><div class=\"qubely-column-inner\">\n\n<\/div><\/div>\n\n\n\n<div class=\"wp-block-qubely-column qubely-column qubely-column-front qubely-block-22ba8f\"><div class=\"qubely-column-inner\">\n<div class=\"qubely-block-accordion  qubely-block-2c3016\" data-item-toggle=\"true\">\n<div class=\"wp-block-qubely-accordion-item qubely-block-b0334a\"><div class=\"qubely-accordion-item qubely-type-fill false\"><div class=\"qubely-accordion-panel qubely-icon-position-right\"><span class=\"qubely-accordion-panel-handler\" role=\"button\"><span class=\"qubely-accordion-panel-handler-label\">Definici\u00f3n<\/span><span class=\"qubely-accordion-icon fa fa-plus\"><\/span><\/span><\/div><div class=\"qubely-accordion-body\"><div itemprop=\"text\">\n<p><strong>Definici\u00f3n: <\/strong>La antropolog\u00eda m\u00e9dica (AM) es una subdisciplina de la antropolog\u00eda social con una amplia trayectoria en el CIESAS y con potencial de expansi\u00f3n y demanda en M\u00e9xico y Am\u00e9rica Latina en general; por las necesidades crecientes de entender los procesos salud-enfermedad-atenci\u00f3n (s\/e\/a), analizar los sistemas de salud y sus problem\u00e1ticas socioculturales, as\u00ed como contribuir en la construcci\u00f3n y evaluaci\u00f3n de la pol\u00edtica p\u00fablica en salud desde una perspectiva social cr\u00edtica.&nbsp;\nLa AM comprende de manera integral elementos del proceso s\/e\/a, el ciclo de vida y la prevenci\u00f3n de la enfermedad, mismos que las poblaciones humanas en condiciones socioculturales y pol\u00edtico-econ\u00f3micas espec\u00edficas enfrentan, ante los cuales responden y a los que les dan sentido. Tambi\u00e9n visibiliza el car\u00e1cter de construcci\u00f3n socio-cultural de la medicina y la salud p\u00fablica, analiza la relaci\u00f3n entre naturaleza y cultura, desnaturaliza las expresiones biol\u00f3gicas y reconoce al cuerpo humano como bisagra en los problemas que los sujetos sociales enfrentan con la aflicci\u00f3n, el padecer, el nacer y el morir. &nbsp;\nLos distintos enfoques te\u00f3ricos que se abordan en la AM permiten analizar los problemas y los procesos de s\/e\/a tanto desde el abordaje experiencial del padecer y enfermar como desde la reconstrucci\u00f3n procesual de las trayectorias de b\u00fasqueda de atenci\u00f3n como parte de las respuestas ante las necesidades de salud de los distintos grupos sociales; adem\u00e1s del estudio de los contextos sociales macro en donde las experiencias y las respuestas ante la enfermedad est\u00e1n insertas. Finalmente, las\/los antrop\u00f3logas\/os m\u00e9dicas\/os han centrado sus esfuerzos en comprender distintas \u00e1reas de conocimiento, problematizando la realidad a estudiar mediante un di\u00e1logo interdisciplinario entre la antropolog\u00eda, la medicina, la salud p\u00fablica, la historia, la sociolog\u00eda y la epidemiolog\u00eda, entre otras. &nbsp;\nFinalmente, la AM es una subdisciplina cuyas contribuciones te\u00f3ricas, metodol\u00f3gicas y tem\u00e1ticas tienen relevancia para el entendimiento de un campo social \u2014la salud\u2014 que es parte sustancial de las grandes problem\u00e1ticas prioritarias a nivel nacional y global. Por lo anterior, la AM presenta aplicabilidad para el desarrollo de la pol\u00edtica p\u00fablica, ya que no s\u00f3lo contribuye a desarrollar conocimientos, sino a buscar respuestas a las problem\u00e1ticas identificadas.<\/p>\n<\/div><\/div><\/div><\/div>\n\n\n\n<div class=\"wp-block-qubely-accordion-item qubely-block-4d720b\"><div class=\"qubely-accordion-item qubely-type-fill false\"><div class=\"qubely-accordion-panel qubely-icon-position-right\"><span class=\"qubely-accordion-panel-handler\" role=\"button\"><span class=\"qubely-accordion-panel-handler-label\">Temas\/problemas abordados<\/span><span class=\"qubely-accordion-icon fa fa-plus\"><\/span><\/span><\/div><div class=\"qubely-accordion-body\"><div itemprop=\"text\">\n<p><strong>Temas\/problemas abordados<\/strong><\/p>\n\n\n\n<ul class=\"wp-block-list\"><li>Antropolog\u00eda de los sistemas m\u00e9dicos, pluralismo m\u00e9dico<\/li><li>Procesos de medicalizaci\u00f3n<\/li><li>Procesos de autoatenci\u00f3n y participaci\u00f3n en salud<\/li><li>Salud sexual y reproductiva<\/li><li>Salud mental y adicciones<\/li><li>Antropolog\u00eda del cuidado y de los procesos de envejecimiento&nbsp;<\/li><li>Enfermedades, padecimientos, discapacidades, cronicidades y otras condiciones transmisibles y no transmisibles<\/li><li>Alimentaci\u00f3n, nutrici\u00f3n y des\u00f3rdenes metab\u00f3licos&nbsp;<\/li><li>Riesgo, vulnerabilidad y sufrimiento social\/socioambiental<\/li><li>Salud de poblaciones ind\u00edgenas y afrodescendientes&nbsp;<\/li><li>Pol\u00edticas p\u00fablicas en salud<\/li><li>Salud y Ambiente<\/li><li>Cuerpo, corporalidad, corporeidad y persona<\/li><li>El sufrimiento, el padecer y la experiencia de la enfermedad\/Narrativas del padecer<\/li><li>Significados y experiencias de la(s) violencia(s):&nbsp; violencia simb\u00f3lica, violencia institucional, violencia de g\u00e9nero y violencia estructural<\/li><li>Salud y g\u00e9nero. Salud y desigualdad.<\/li><\/ul>\n<\/div><\/div><\/div><\/div>\n\n\n\n<div class=\"wp-block-qubely-accordion-item qubely-block-36ce70\"><div class=\"qubely-accordion-item qubely-type-fill false\"><div class=\"qubely-accordion-panel qubely-icon-position-right\"><span class=\"qubely-accordion-panel-handler\" role=\"button\"><span class=\"qubely-accordion-panel-handler-label\">Listado de temas\/problemas abordados<\/span><span class=\"qubely-accordion-icon fa fa-plus\"><\/span><\/span><\/div><div class=\"qubely-accordion-body\"><div itemprop=\"text\">\n<p><strong>Listado de temas\/problemas abordados:<\/strong><\/p>\n\n\n\n<ol class=\"wp-block-list\"><li>Poder, ideolog\u00eda y estrategias frente a los procesos de salud-enfermedad-atenci\u00f3n-prevenci\u00f3n.<\/li><li>Pueblos indios y afrodescendientes y sus&nbsp;&nbsp;procesos de salud-enfermedad-atenci\u00f3n-prevenci\u00f3n. Interculturalidad en salud.<\/li><li>Enfermedades transmisibles\/no transmisibles. Epidemias y desigualdad social.&nbsp;&nbsp;Construcci\u00f3n del riesgo y la vulnerabilidad. Morbilidad y mortalidad diferenciales.<\/li><li>Saberes populares y saberes m\u00e9dicos. Medicina alternativas y biomedicina. Epidemiolog\u00eda sociocultural. Pluralismo m\u00e9dico. Medicalizaci\u00f3n. Trayectorias de atenci\u00f3n.&nbsp;<\/li><li>El sufrimiento, el padecer y la experiencia de la enfermedad\/Narrativas del padecer.<\/li><li>Salud mental, padecimientos mentales y aflicciones.<\/li><li>Migraci\u00f3n y procesos de salud &#8211; enfermedad &#8211; atenci\u00f3n-prevenci\u00f3n.<\/li><li>Medios de comunicaci\u00f3n masiva y procesos de salud-enfermedad-atenci\u00f3n-prevenci\u00f3n.<\/li><li>Cultura y alimentaci\u00f3n: Trastornos alimentarios y problemas de nutrici\u00f3n: bulimia, anorexia, desnutrici\u00f3n, diabetes y obesidad.<\/li><li>Violencias micro y macro sociales. Violencia obst\u00e9trica; violencia intra e intergen\u00e9rica,&nbsp;&nbsp;intergeneracional y estructural.<\/li><li>Construcci\u00f3n cultural en torno al cuerpo. Corporeidad. Embodiment y enfermedad. Dimensi\u00f3n emocional de los procesos de S\/e\/a-p.&nbsp;Sufrimiento social.&nbsp;<\/li><li>Apropiaciones y transformaciones corporales en las culturas actuales. Cirug\u00edas pl\u00e1sticas, piercing, tatuajes. Cuerpo, est\u00e9tica, status e identidad social.<\/li><li>Bio\u00e9tica y nuevas tecnolog\u00edas m\u00e9dicas.&nbsp;&nbsp;Dilemas \u00e9ticos y pr\u00e1cticos en donaci\u00f3n de \u00f3rganos, trasplantes y genoma humano. Condiciones gen\u00e9ticas&nbsp; y dilemas \u00e9ticos.&nbsp;<\/li><li>Estructura y funcionamiento de los servicios de salud. Accesibilidad y Calidad de la atenci\u00f3n. Seguridad social. Sistemas privados de salud y formas de asistencia social.<\/li><li>Pol\u00edticas P\u00fablicas y salud. El componente salud en los programas contra la pobreza; Pol\u00edticas respecto a Adicciones y Alcoholismo; Pol\u00edticas en Salud Reproductiva; Pol\u00edticas p\u00fablicas e salud intercultural. Pol\u00edticas p\u00fablicas en torno a problemas nacionales de salud.<\/li><li>Sociedad civil, participaci\u00f3n social y movimientos sociales en salud.<\/li><li>Autoatenci\u00f3n, autogesti\u00f3n, autoayuda y ayuda mutua en la atenci\u00f3n a enfermedades, trastornos y otros problemas sociales.<\/li><li>Econom\u00eda pol\u00edtica de la salud: Industria de la salud y de la enfermedad. Industria farmac\u00e9utica, medicina privada y mercantilizaci\u00f3n de la salud y la enfermedad.<\/li><li>Estratificaci\u00f3n socioecon\u00f3mica y procesos de salud-enfermedad-atenci\u00f3n-prevenci\u00f3n. Desigualdad en salud, enfermedad y mortalidad.<\/li><li>&nbsp;La salud individual y colectiva como derechos humanos. Pol\u00edticas p\u00fablicas, regulaciones sanitarias y gesti\u00f3n institucional.<\/li><li>&nbsp;Rituales y procesos de sanaci\u00f3n. Chamanismo y territorios sagrados de pueblos originarios.<\/li><li>Salud y ambiente. Sufrimiento socioambiental. Riesgo ambiental. Contaminaci\u00f3n y efectos en la salud.<\/li><\/ol>\n<\/div><\/div><\/div><\/div>\n<\/div>\n\n\n\n<table id=\"tablepress-9\" class=\"tablepress tablepress-id-9 tablepress-responsive\">\n<thead>\n<tr class=\"row-1\">\n\t<th class=\"column-1\">L\u00ednea 1<\/th><th class=\"column-2\">L\u00ednea 2<\/th><th class=\"column-3\">Titulo de Proyecto<\/th><th class=\"column-4\">Estado<\/th><th class=\"column-5\">Sede<\/th><th class=\"column-6\">Nombre completo<\/th>\n<\/tr>\n<\/thead>\n<tbody class=\"row-striping row-hover\">\n<tr class=\"row-2\">\n\t<td class=\"column-1\">5. Antropolog\u00eda M\u00e9dica<\/td><td class=\"column-2\"><\/td><td class=\"column-3\">Pol\u00edticas de salud, gobernanza reproductiva y construcci\u00f3n de ciudadan\u00edas. Salud materna en la Costa Chica e Istmo de Oaxaca<\/td><td class=\"column-4\">Oaxaca Guerrero<\/td><td class=\"column-5\">Pac\u00edfico Sur<\/td><td class=\"column-6\"><a href=\"https:\/\/ciesas.edu.mx\/investigacion\/2020\/03\/26\/berrio-palomo-lina-rosa\/\" rel=\"noopener\" target=\"_blank\">Lina Rosa Berrio Palomo<\/a><\/td>\n<\/tr>\n<tr class=\"row-3\">\n\t<td class=\"column-1\">5. Antropolog\u00eda M\u00e9dica<\/td><td class=\"column-2\"><\/td><td class=\"column-3\">Regi\u00f3n transfronteriza M\u00e9xico-Guatemala: dimensi\u00f3n regional y bases para su desarrollo integral<\/td><td class=\"column-4\">Chiapas<\/td><td class=\"column-5\">Sureste<\/td><td class=\"column-6\"><a href=\"https:\/\/ciesas.edu.mx\/investigacion\/2020\/03\/27\/carrasco-gomez-monica\/\" rel=\"noopener\" target=\"_blank\">M\u00f3nica Carrasco G\u00f3mez<\/a><\/td>\n<\/tr>\n<tr class=\"row-4\">\n\t<td class=\"column-1\">5. Antropolog\u00eda M\u00e9dica<\/td><td class=\"column-2\"><\/td><td class=\"column-3\">Vulnerabilidad al VIH-sida y a la muerte materna entre poblaciones ind\u00edgenas y migrantes en los estados de Chiapas y Oaxaca. Identificaci\u00f3n de problem\u00e1ticas y promoci\u00f3n de la mejora de pol\u00edticas, programas y servicios institucionales de prevenci\u00f3n y<\/td><td class=\"column-4\">Chiapas Oaxaca<\/td><td class=\"column-5\">Sureste<\/td><td class=\"column-6\"><a href=\"https:\/\/ciesas.edu.mx\/investigacion\/2020\/03\/27\/carrasco-gomez-monica\/\" rel=\"noopener\" target=\"_blank\">M\u00f3nica Carrasco G\u00f3mez<\/a><\/td>\n<\/tr>\n<tr class=\"row-5\">\n\t<td class=\"column-1\">5. Antropolog\u00eda M\u00e9dica<\/td><td class=\"column-2\"><\/td><td class=\"column-3\">Problem\u00e1ticas de salud de los pueblos ind\u00edgenas<\/td><td class=\"column-4\">Chiapas Oaxaca<\/td><td class=\"column-5\">Sureste<\/td><td class=\"column-6\"><a href=\"https:\/\/ciesas.edu.mx\/investigacion\/2020\/03\/27\/carrasco-gomez-monica\/\" rel=\"noopener\" target=\"_blank\">M\u00f3nica Carrasco G\u00f3mez<\/a><\/td>\n<\/tr>\n<tr class=\"row-6\">\n\t<td class=\"column-1\">5. Antropolog\u00eda M\u00e9dica<\/td><td class=\"column-2\"><\/td><td class=\"column-3\">Atenci\u00f3n materna en el contexto de la integraci\u00f3n funcional del sistema de salud. Etnograf\u00eda de la pol\u00edtica p\u00fablica en municipios con poblaci\u00f3n que vive en situaci\u00f3n de vulnerabilidad en Chiapas y Oaxaca<\/td><td class=\"column-4\">Oaxaca  Chiapas<\/td><td class=\"column-5\">Sureste<\/td><td class=\"column-6\"><a href=\"https:\/\/ciesas.edu.mx\/investigacion\/2020\/03\/27\/carrasco-gomez-monica\/\" rel=\"noopener\" target=\"_blank\">M\u00f3nica Carrasco G\u00f3mez<\/a><\/td>\n<\/tr>\n<tr class=\"row-7\">\n\t<td class=\"column-1\">5. Antropolog\u00eda M\u00e9dica<\/td><td class=\"column-2\"><\/td><td class=\"column-3\">Ecolog\u00eda cultural pol\u00edtica de las nuevas patolog\u00edas (zika y chikungunya) en el oriente de Yucat\u00e1n<\/td><td class=\"column-4\">Yucat\u00e1n<\/td><td class=\"column-5\">Peninsular<\/td><td class=\"column-6\"><a href=\"https:\/\/ciesas.edu.mx\/investigacion\/2020\/03\/27\/cortes-campos-ines-isabel\/\" rel=\"noopener\" target=\"_blank\">In\u00e9s Isabel Cort\u00e9s Campos<\/a><\/td>\n<\/tr>\n<tr class=\"row-8\">\n\t<td class=\"column-1\">5. Antropolog\u00eda M\u00e9dica<\/td><td class=\"column-2\"><\/td><td class=\"column-3\">Proceso de b\u00fasquedas de atenci\u00f3n a la salud entre los ind\u00edgenas tzotziles y tzeltales de los altos de Chiapas<\/td><td class=\"column-4\">Chiapas<\/td><td class=\"column-5\">Sureste<\/td><td class=\"column-6\"><a href=\"https:\/\/ciesas.edu.mx\/investigacion\/2020\/03\/27\/eroza-solana-jose-enrique\/\" rel=\"noopener\" target=\"_blank\">Jos\u00e9 Enrique Eroza Solana<\/a><\/td>\n<\/tr>\n<tr class=\"row-9\">\n\t<td class=\"column-1\">5. Antropolog\u00eda M\u00e9dica<\/td><td class=\"column-2\"><\/td><td class=\"column-3\">Vulnerabilidad al VIH-sida y a la muerte materna entre poblaciones ind\u00edgenas y migrantes en los estados de Chiapas y Oaxaca<\/td><td class=\"column-4\">Chiapas Oaxaca<\/td><td class=\"column-5\">Sureste<\/td><td class=\"column-6\"><a href=\"https:\/\/ciesas.edu.mx\/investigacion\/2020\/03\/27\/eroza-solana-jose-enrique\/\" rel=\"noopener\" target=\"_blank\">Jos\u00e9 Enrique Eroza Solana<\/a><\/td>\n<\/tr>\n<tr class=\"row-10\">\n\t<td class=\"column-1\">5. Antropolog\u00eda M\u00e9dica<\/td><td class=\"column-2\"><\/td><td class=\"column-3\">El binomio Identidad\/Pobreza y su expresi\u00f3n en la salud y el bienestar alimentario<\/td><td class=\"column-4\">Yucat\u00e1n Chiapas<\/td><td class=\"column-5\">Peninsular<\/td><td class=\"column-6\"><a href=\"https:\/\/ciesas.edu.mx\/investigacion\/2020\/06\/17\/perla-orquidea-fragoso-lugo\/\" rel=\"noopener\" target=\"_blank\">Perla Orqu\u00eddea Fragoso Lugo<\/a><\/td>\n<\/tr>\n<tr class=\"row-11\">\n\t<td class=\"column-1\">5. Antropolog\u00eda M\u00e9dica<\/td><td class=\"column-2\"><\/td><td class=\"column-3\">Vulnerabilidad al VIH-sida y a la muerte materna entre poblaciones ind\u00edgenas y migrantes en los estados de Chiapas y Oaxaca. Identificaci\u00f3n de problem\u00e1ticas y promoci\u00f3n de la mejora de pol\u00edticas, programas y servicios institucionales<\/td><td class=\"column-4\">Chiapas<\/td><td class=\"column-5\">Sureste<\/td><td class=\"column-6\"><a href=\"https:\/\/ciesas.edu.mx\/investigacion\/2020\/03\/27\/3132-2\/\" rel=\"noopener\" target=\"_blank\">Mar\u00eda Graciela Freyermuth Enciso<\/a><\/td>\n<\/tr>\n<tr class=\"row-12\">\n\t<td class=\"column-1\">5. Antropolog\u00eda M\u00e9dica<\/td><td class=\"column-2\"><\/td><td class=\"column-3\">Atenci\u00f3n materna en el contexto de la integraci\u00f3n funcional del sistema de salud. Etnograf\u00eda de la pol\u00edtica p\u00fablica en municipios con poblaci\u00f3n que vive en situaci\u00f3n de vulnerabilidad en Chiapas y Oaxaca<\/td><td class=\"column-4\">Chiapas Guerrero Oaxaca<\/td><td class=\"column-5\">Sureste<\/td><td class=\"column-6\"><a href=\"https:\/\/ciesas.edu.mx\/investigacion\/2020\/03\/27\/3132-2\/\" rel=\"noopener\" target=\"_blank\">Mar\u00eda Graciela Freyermuth Enciso<\/a><\/td>\n<\/tr>\n<tr class=\"row-13\">\n\t<td class=\"column-1\">5. Antropolog\u00eda M\u00e9dica<\/td><td class=\"column-2\"><\/td><td class=\"column-3\">Salud de los pueblos ind\u00edgenas en M\u00e9xico, 2010-2025: Desde las enfermedades del rezago a las emergentes. Un enfoque multidisciplinario (C\u00c1TEDRA)<\/td><td class=\"column-4\">Chiapas Guerrero Oaxaca<\/td><td class=\"column-5\">Sureste<\/td><td class=\"column-6\"><a href=\"https:\/\/ciesas.edu.mx\/investigacion\/2020\/03\/27\/3132-2\/\" rel=\"noopener\" target=\"_blank\">Mar\u00eda Graciela Freyermuth Enciso<\/a><\/td>\n<\/tr>\n<tr class=\"row-14\">\n\t<td class=\"column-1\">5. Antropolog\u00eda M\u00e9dica<\/td><td class=\"column-2\"><\/td><td class=\"column-3\">Rendici\u00f3n de cuentas en salud materna<\/td><td class=\"column-4\">Oaxaca Chiapas<\/td><td class=\"column-5\">Sureste<\/td><td class=\"column-6\"><a href=\"https:\/\/ciesas.edu.mx\/investigacion\/2020\/03\/27\/3132-2\/\" rel=\"noopener\" target=\"_blank\">Mar\u00eda Graciela Freyermuth Enciso<\/a><\/td>\n<\/tr>\n<tr class=\"row-15\">\n\t<td class=\"column-1\">5. Antropolog\u00eda M\u00e9dica<\/td><td class=\"column-2\"><\/td><td class=\"column-3\">Mortalidad materna en M\u00e9xico<\/td><td class=\"column-4\">Territorio nacional<\/td><td class=\"column-5\">Sureste<\/td><td class=\"column-6\"><a href=\"https:\/\/ciesas.edu.mx\/investigacion\/2020\/03\/27\/3132-2\/\" rel=\"noopener\" target=\"_blank\">Mar\u00eda Graciela Freyermuth Enciso<\/a><\/td>\n<\/tr>\n<tr class=\"row-16\">\n\t<td class=\"column-1\">1. Pol\u00edticas, ambiente y sociedad<\/td><td class=\"column-2\">5. Antropolog\u00eda M\u00e9dica<\/td><td class=\"column-3\">The Impact of Mexican Industrial Agriculture on the Environment, Migration and Social Conditions: A Case Study of Autl\u00e1n de Navarro, Jalisco<\/td><td class=\"column-4\">Jalisco<\/td><td class=\"column-5\">Occidente<\/td><td class=\"column-6\"><a href=\"https:\/\/ciesas.edu.mx\/investigacion\/2020\/03\/26\/gonzalez-chavez-humberto\/\" rel=\"noopener\" target=\"_blank\">Humberto Gonz\u00e1lez Ch\u00e1vez<\/a><\/td>\n<\/tr>\n<tr class=\"row-17\">\n\t<td class=\"column-1\">5. Antropolog\u00eda M\u00e9dica<\/td><td class=\"column-2\"><\/td><td class=\"column-3\">Manual de buenas pr\u00e1cticas para desarrollar investigaciones transdisciplinarias, dial\u00f3gicas y colaborativas.<\/td><td class=\"column-4\">No Aplica<\/td><td class=\"column-5\">Occidente<\/td><td class=\"column-6\"><a href=\"https:\/\/ciesas.edu.mx\/investigacion\/2020\/03\/26\/gonzalez-chavez-humberto\/\" rel=\"noopener\" target=\"_blank\">Humberto Gonz\u00e1lez Ch\u00e1vez<\/a><\/td>\n<\/tr>\n<tr class=\"row-18\">\n\t<td class=\"column-1\">5. Antropolog\u00eda M\u00e9dica<\/td><td class=\"column-2\"><\/td><td class=\"column-3\">Situaci\u00f3n de los grupos de autoayuda para diab\u00e9ticos en tres estados del pa\u00eds.<\/td><td class=\"column-4\">Sonora Guanajuato Chiapas<\/td><td class=\"column-5\">Ciudad de M\u00e9xico<\/td><td class=\"column-6\"><a href=\"https:\/\/ciesas.edu.mx\/investigacion\/2020\/03\/30\/lerin-pinon-sergio\/\" rel=\"noopener\" target=\"_blank\">Sergio Ler\u00edn Pi\u00f1\u00f3n<\/a><\/td>\n<\/tr>\n<tr class=\"row-19\">\n\t<td class=\"column-1\">5. Antropolog\u00eda M\u00e9dica<\/td><td class=\"column-2\"><\/td><td class=\"column-3\">Presencia de pertinencia cultural en las estrategias de prevenci\u00f3n, diagnostico y tratamiento de diabetes mellitus tipo 2 en Yucat\u00e1n<\/td><td class=\"column-4\">Yucat\u00e1n<\/td><td class=\"column-5\">Ciudad de M\u00e9xico<\/td><td class=\"column-6\"><a href=\"https:\/\/ciesas.edu.mx\/investigacion\/2020\/03\/30\/lerin-pinon-sergio\/\" rel=\"noopener\" target=\"_blank\">Sergio Ler\u00edn Pi\u00f1\u00f3n<\/a><\/td>\n<\/tr>\n<tr class=\"row-20\">\n\t<td class=\"column-1\">5. Antropolog\u00eda M\u00e9dica<\/td><td class=\"column-2\"><\/td><td class=\"column-3\">Representaciones sociales de la diabetes en tres estados de la Republica Mexicana<\/td><td class=\"column-4\">Yucat\u00e1n Chiapas<\/td><td class=\"column-5\">Ciudad de M\u00e9xico<\/td><td class=\"column-6\"><a href=\"https:\/\/ciesas.edu.mx\/investigacion\/2020\/03\/30\/lerin-pinon-sergio\/\" rel=\"noopener\" target=\"_blank\">Sergio Ler\u00edn Pi\u00f1\u00f3n<\/a><\/td>\n<\/tr>\n<tr class=\"row-21\">\n\t<td class=\"column-1\">5. Antropolog\u00eda M\u00e9dica<\/td><td class=\"column-2\"><\/td><td class=\"column-3\">Vulnerabilidad al VIH-sida y a la muerte materna entre poblaciones ind\u00edgenas y migrantes en los estados de Chiapas y Oaxaca. Identificaci\u00f3n de problem\u00e1ticas y promoci\u00f3n de la mejora de pol\u00edticas, programas y servicios institucionales (C\u00c1TEDRA)<\/td><td class=\"column-4\">Chiapas<\/td><td class=\"column-5\">Sureste<\/td><td class=\"column-6\">Sergio Meneses Navarro<\/td>\n<\/tr>\n<tr class=\"row-22\">\n\t<td class=\"column-1\">5. Antropolog\u00eda M\u00e9dica<\/td><td class=\"column-2\"><\/td><td class=\"column-3\">Laboratorio Nacional para el An\u00e1lisis Sociodemogr\u00e1fico y en Salud de Poblaciones Vulnerables<\/td><td class=\"column-4\">No Aplica<\/td><td class=\"column-5\">Sureste<\/td><td class=\"column-6\">Sergio Meneses Navarro<\/td>\n<\/tr>\n<tr class=\"row-23\">\n\t<td class=\"column-1\">5. Antropolog\u00eda M\u00e9dica<\/td><td class=\"column-2\"><\/td><td class=\"column-3\">Normatividad, pr\u00e1cticas institucionales y representaciones y pr\u00e1cticas del personal de salud y de apoyo respecto a los m\u00f3dulos de alopat\u00eda, fitoterapia y homeopat\u00eda en un Centro de Salud de medicina integrativa de la Secretar\u00eda de Salud del D.F. M\u00e9x<\/td><td class=\"column-4\">Ciudad de M\u00e9xico<\/td><td class=\"column-5\">Ciudad de M\u00e9xico<\/td><td class=\"column-6\"><a href=\"https:\/\/ciesas.edu.mx\/investigacion\/2020\/03\/30\/modena-allegroni-maria-eugenia\/\" rel=\"noopener\" target=\"_blank\">Mar\u00eda Eugenia M\u00f3dena Allegroni<\/a><\/td>\n<\/tr>\n<tr class=\"row-24\">\n\t<td class=\"column-1\">5. Antropolog\u00eda M\u00e9dica<\/td><td class=\"column-2\"><\/td><td class=\"column-3\">Proyecto 771. Salud de los pueblos ind\u00edgenas en M\u00e9xico, 2010-2025: Desde las enfermedades del rezago a las emergentes. Un enfoque multidisciplinario<\/td><td class=\"column-4\">Oaxaca<\/td><td class=\"column-5\">Pac\u00edfico Sur<\/td><td class=\"column-6\"><a href=\"https:\/\/ciesas.edu.mx\/investigacion\/2020\/03\/26\/2617-2\/\" rel=\"noopener\" target=\"_blank\">Laura Montesi Altamirano<\/a><\/td>\n<\/tr>\n<tr class=\"row-25\">\n\t<td class=\"column-1\">5. Antropolog\u00eda M\u00e9dica<\/td><td class=\"column-2\"><\/td><td class=\"column-3\">Salud de los pueblos ind\u00edgenas en M\u00e9xico, 2010-2025: desde las enfermedades del rezago a las emergentes. Un enfoque multidisciplinario (C\u00c1TEDRA)<\/td><td class=\"column-4\">Chiapas Guerrero Oaxaca<\/td><td class=\"column-5\">Pac\u00edfico Sur<\/td><td class=\"column-6\">Jos\u00e9 Alberto Mu\u00f1os Hern\u00e1ndez<\/td>\n<\/tr>\n<tr class=\"row-26\">\n\t<td class=\"column-1\">5. Antropolog\u00eda M\u00e9dica<\/td><td class=\"column-2\"><\/td><td class=\"column-3\">Factores socioculturales en la no adherencia al tratamiento antirretroviral de las personas ind\u00edgenas que viven con VIH en el \u00e1rea de referencia del CAPASITS de Oaxaca de Ju\u00e1rez (Oaxaca) y el SAI de Ocosingo (Chiapas)<\/td><td class=\"column-4\">Oaxaca Chiapas<\/td><td class=\"column-5\">Ciudad de M\u00e9xico<\/td><td class=\"column-6\"><a href=\"https:\/\/ciesas.edu.mx\/investigacion\/2020\/03\/30\/munoz-martinez-ruben\/\" rel=\"noopener\" target=\"_blank\">Rub\u00e9n Mu\u00f1oz Mart\u00ednez<\/a><\/td>\n<\/tr>\n<tr class=\"row-27\">\n\t<td class=\"column-1\">5. Antropolog\u00eda M\u00e9dica<\/td><td class=\"column-2\"><\/td><td class=\"column-3\">La vida a trav\u00e9s de la cronicidad. Estudio antropol\u00f3gico de la atenci\u00f3n de algunos padecimientos cr\u00f3nicos en determinados conjuntos sociales<\/td><td class=\"column-4\">Catalu\u00f1a (Espa\u00f1a)<\/td><td class=\"column-5\">Ciudad de M\u00e9xico<\/td><td class=\"column-6\"><a href=\"https:\/\/ciesas.edu.mx\/investigacion\/2020\/03\/30\/osorio-carranza-rosa-maria\/\" rel=\"noopener\" target=\"_blank\">Rosa Mar\u00eda Osorio Carranza<\/a><\/td>\n<\/tr>\n<tr class=\"row-28\">\n\t<td class=\"column-1\">5. Antropolog\u00eda M\u00e9dica<\/td><td class=\"column-2\"><\/td><td class=\"column-3\">Bibliograf\u00eda\u00a0\u00a0de la investigaci\u00f3n socio-antropol\u00f3gica de los procesos de salud\/enfermedad\/atenci\u00f3n en M\u00e9xico (1919-2019)\u201d.\u00a0<\/td><td class=\"column-4\">Territorio nacional<\/td><td class=\"column-5\">Ciudad de M\u00e9xico<\/td><td class=\"column-6\"><a href=\"https:\/\/ciesas.edu.mx\/investigacion\/2020\/03\/30\/osorio-carranza-rosa-maria\/\" rel=\"noopener\" target=\"_blank\">Rosa Mar\u00eda Osorio Carranza<\/a><\/td>\n<\/tr>\n<tr class=\"row-29\">\n\t<td class=\"column-1\">5. Antropolog\u00eda M\u00e9dica<\/td><td class=\"column-2\"><\/td><td class=\"column-3\">Mujeres y migraci\u00f3n en situaci\u00f3n de calle<\/td><td class=\"column-4\">Chihuahua  Texas<\/td><td class=\"column-5\">Ciudad de M\u00e9xico<\/td><td class=\"column-6\"><a href=\"https:\/\/ciesas.edu.mx\/investigacion\/2020\/03\/30\/ravelo-blancas-patricia\/\" rel=\"noopener\" target=\"_blank\">Patricia Ravelo Blancas<\/a><\/td>\n<\/tr>\n<tr class=\"row-30\">\n\t<td class=\"column-1\">5. Antropolog\u00eda M\u00e9dica<\/td><td class=\"column-2\">3. Procesos, pol\u00edticas y actores educativos hist\u00f3ricos y contempor\u00e1neos<\/td><td class=\"column-3\">Trayectoria educativa y aspiraciones de profesionalizaci\u00f3n de los j\u00f3venes frente a los sistemas de educaci\u00f3n media superior en Ameca, Jalisco; Xalapa, Veracruz y Cuajinicuilapa, Guerrero<\/td><td class=\"column-4\">Chiapas Campeche Tabasco Yucat\u00e1n Quintana Roo<\/td><td class=\"column-5\">Ciudad de M\u00e9xico<\/td><td class=\"column-6\"><a href=\"https:\/\/ciesas.edu.mx\/investigacion\/2020\/03\/31\/sanchez-jimenez-jose\/\" rel=\"noopener\" target=\"_blank\">Jos\u00e9 S\u00e1nchez Jim\u00e9nez<\/a><\/td>\n<\/tr>\n<tr class=\"row-31\">\n\t<td class=\"column-1\">5. Antropolog\u00eda M\u00e9dica<\/td><td class=\"column-2\"><\/td><td class=\"column-3\">Memoria Colectiva y Relatos de la Sierra<\/td><td class=\"column-4\">Chiapas Yucat\u00e1n Quintana Roo Campeche<\/td><td class=\"column-5\">Ciudad de M\u00e9xico<\/td><td class=\"column-6\"><a href=\"https:\/\/ciesas.edu.mx\/investigacion\/2020\/03\/31\/sanchez-jimenez-jose\/\" rel=\"noopener\" target=\"_blank\">Jos\u00e9 S\u00e1nchez Jim\u00e9nez<\/a><\/td>\n<\/tr>\n<tr class=\"row-32\">\n\t<td class=\"column-1\">5. Antropolog\u00eda M\u00e9dica<\/td><td class=\"column-2\"><\/td><td class=\"column-3\">Salud de los pueblos ind\u00edgenas en M\u00e9xico, 2010-2025: Desde las enfermedades del rezago a las emergentes. Un enfoque multidisciplinario<\/td><td class=\"column-4\">Chiapas Guerrero Oaxaca<\/td><td class=\"column-5\">Pac\u00edfico Sur<\/td><td class=\"column-6\"><a href=\"https:\/\/ciesas.edu.mx\/investigacion\/2020\/03\/26\/sesia-paola-maria\/\" rel=\"noopener\" target=\"_blank\">Paola Mar\u00eda Sesia<\/a><\/td>\n<\/tr>\n<tr class=\"row-33\">\n\t<td class=\"column-1\">5. Antropolog\u00eda M\u00e9dica<\/td><td class=\"column-2\"><\/td><td class=\"column-3\">PROYECTO C\u00c1TEDRAS CONACYT \"Vulnerabilidad al VIH-sida y a la muerte materna entre poblaciones ind\u00edgenas y migrantes en los estados de Chiapas y Oaxaca.\"<\/td><td class=\"column-4\">Oaxaca<\/td><td class=\"column-5\">Pac\u00edfico Sur<\/td><td class=\"column-6\"><a href=\"https:\/\/ciesas.edu.mx\/investigacion\/2020\/03\/26\/sesia-paola-maria\/\" rel=\"noopener\" target=\"_blank\">Paola Mar\u00eda Sesia<\/a><\/td>\n<\/tr>\n<tr class=\"row-34\">\n\t<td class=\"column-1\">5. Antropolog\u00eda M\u00e9dica<\/td><td class=\"column-2\"><\/td><td class=\"column-3\">CATEDRAS El binomio Identidad\/Pobreza y su expresi\u00f3n en la salud y el bienestar alimentario.<\/td><td class=\"column-4\">Yucat\u00e1n Quintana Roo Campeche<\/td><td class=\"column-5\">Peninsular<\/td><td class=\"column-6\"><a href=\"https:\/\/ciesas.edu.mx\/investigacion\/2020\/03\/27\/solis-robleda-gabriela\/\" rel=\"noopener\" target=\"_blank\">Gabriela Sol\u00eds Robleda<\/a><\/td>\n<\/tr>\n<tr class=\"row-35\">\n\t<td class=\"column-1\">5. Antropolog\u00eda M\u00e9dica<\/td><td class=\"column-2\"><\/td><td class=\"column-3\">An\u00e1lisis de los sistemas locales de salud en comunidades mayas del oriente de Yucat\u00e1n, M\u00e9xico: alimentaci\u00f3n, enfermedad, pr\u00e1cticas e ideas<\/td><td class=\"column-4\">Yucat\u00e1n Quintana Roo<\/td><td class=\"column-5\">Peninsular<\/td><td class=\"column-6\"><a href=\"https:\/\/ciesas.edu.mx\/investigacion\/2020\/03\/27\/villalobos-gonzalez-martha-hermina\/\" rel=\"noopener\" target=\"_blank\">Martha Herminia Villalobos Gonz\u00e1lez<\/a><\/td>\n<\/tr>\n<tr class=\"row-36\">\n\t<td class=\"column-1\">5. Antropolog\u00eda M\u00e9dica<\/td><td class=\"column-2\"><\/td><td class=\"column-3\">Chronic Kidney disease of Unknown Origin: Interdisciplinary approaches to understanding a complex medical phenomenon<\/td><td class=\"column-4\">Jalisco<\/td><td class=\"column-5\">Occidente<\/td><td class=\"column-6\"><a href=\"https:\/\/ciesas.edu.mx\/investigacion\/2020\/03\/27\/villarreal-martinez-magdalena\/\" rel=\"noopener\" target=\"_blank\">Mar\u00eda Magdalena Villarreal Mart\u00ednez<\/a><\/td>\n<\/tr>\n<tr class=\"row-37\">\n\t<td class=\"column-1\">5. Antropolog\u00eda M\u00e9dica<\/td><td class=\"column-2\"><\/td><td class=\"column-3\">Vulnerabilidad al VIH-sida y a la muerte materna entre poblaciones ind\u00edgenas y migrantes en los estados de Chiapas y Oaxaca (C\u00c1TEDRA)<\/td><td class=\"column-4\">Oaxaca Chiapas<\/td><td class=\"column-5\">Pac\u00edfico Sur<\/td><td class=\"column-6\"><a href=\"https:\/\/ciesas.edu.mx\/investigacion\/2020\/03\/26\/yanez-moreno-pedro\/\" rel=\"noopener\" target=\"_blank\">Pedro Ya\u00f1ez Moreno<\/a><\/td>\n<\/tr>\n<\/tbody>\n<\/table>\n\n<\/div><\/div>\n<\/div><\/div><\/div>\n<div class=\"pvc_clear\"><\/div><p id=\"pvc_stats_11254\" class=\"pvc_stats all  \" data-element-id=\"11254\" style=\"\"><i class=\"pvc-stats-icon small\" aria-hidden=\"true\"><svg aria-hidden=\"true\" focusable=\"false\" data-prefix=\"far\" data-icon=\"chart-bar\" role=\"img\" xmlns=\"http:\/\/www.w3.org\/2000\/svg\" viewBox=\"0 0 512 512\" class=\"svg-inline--fa fa-chart-bar fa-w-16 fa-2x\"><path fill=\"currentColor\" d=\"M396.8 352h22.4c6.4 0 12.8-6.4 12.8-12.8V108.8c0-6.4-6.4-12.8-12.8-12.8h-22.4c-6.4 0-12.8 6.4-12.8 12.8v230.4c0 6.4 6.4 12.8 12.8 12.8zm-192 0h22.4c6.4 0 12.8-6.4 12.8-12.8V140.8c0-6.4-6.4-12.8-12.8-12.8h-22.4c-6.4 0-12.8 6.4-12.8 12.8v198.4c0 6.4 6.4 12.8 12.8 12.8zm96 0h22.4c6.4 0 12.8-6.4 12.8-12.8V204.8c0-6.4-6.4-12.8-12.8-12.8h-22.4c-6.4 0-12.8 6.4-12.8 12.8v134.4c0 6.4 6.4 12.8 12.8 12.8zM496 400H48V80c0-8.84-7.16-16-16-16H16C7.16 64 0 71.16 0 80v336c0 17.67 14.33 32 32 32h464c8.84 0 16-7.16 16-16v-16c0-8.84-7.16-16-16-16zm-387.2-48h22.4c6.4 0 12.8-6.4 12.8-12.8v-70.4c0-6.4-6.4-12.8-12.8-12.8h-22.4c-6.4 0-12.8 6.4-12.8 12.8v70.4c0 6.4 6.4 12.8 12.8 12.8z\" class=\"\"><\/path><\/svg><\/i> <img loading=\"lazy\" decoding=\"async\" width=\"16\" height=\"16\" alt=\"Loading\" src=\"https:\/\/ciesas.edu.mx\/investigacion\/wp-content\/plugins\/page-views-count\/ajax-loader-2x.gif\" border=0 \/><\/p><div class=\"pvc_clear\"><\/div>","protected":false},"excerpt":{"rendered":"<div class=\"pvc_clear\"><\/div>\n<p id=\"pvc_stats_11254\" class=\"pvc_stats all  \" data-element-id=\"11254\" style=\"\"><i class=\"pvc-stats-icon small\" aria-hidden=\"true\"><svg aria-hidden=\"true\" focusable=\"false\" data-prefix=\"far\" data-icon=\"chart-bar\" role=\"img\" xmlns=\"http:\/\/www.w3.org\/2000\/svg\" viewBox=\"0 0 512 512\" class=\"svg-inline--fa fa-chart-bar fa-w-16 fa-2x\"><path fill=\"currentColor\" d=\"M396.8 352h22.4c6.4 0 12.8-6.4 12.8-12.8V108.8c0-6.4-6.4-12.8-12.8-12.8h-22.4c-6.4 0-12.8 6.4-12.8 12.8v230.4c0 6.4 6.4 12.8 12.8 12.8zm-192 0h22.4c6.4 0 12.8-6.4 12.8-12.8V140.8c0-6.4-6.4-12.8-12.8-12.8h-22.4c-6.4 0-12.8 6.4-12.8 12.8v198.4c0 6.4 6.4 12.8 12.8 12.8zm96 0h22.4c6.4 0 12.8-6.4 12.8-12.8V204.8c0-6.4-6.4-12.8-12.8-12.8h-22.4c-6.4 0-12.8 6.4-12.8 12.8v134.4c0 6.4 6.4 12.8 12.8 12.8zM496 400H48V80c0-8.84-7.16-16-16-16H16C7.16 64 0 71.16 0 80v336c0 17.67 14.33 32 32 32h464c8.84 0 16-7.16 16-16v-16c0-8.84-7.16-16-16-16zm-387.2-48h22.4c6.4 0 12.8-6.4 12.8-12.8v-70.4c0-6.4-6.4-12.8-12.8-12.8h-22.4c-6.4 0-12.8 6.4-12.8 12.8v70.4c0 6.4 6.4 12.8 12.8 12.8z\" class=\"\"><\/path><\/svg><\/i> <img loading=\"lazy\" decoding=\"async\" width=\"16\" height=\"16\" alt=\"Loading\" src=\"https:\/\/ciesas.edu.mx\/investigacion\/wp-content\/plugins\/page-views-count\/ajax-loader-2x.gif\" border=0 \/><\/p>\n<div class=\"pvc_clear\"><\/div>\n","protected":false},"author":5,"featured_media":0,"parent":12222,"menu_order":25,"comment_status":"closed","ping_status":"closed","template":"","meta":{"qubely_global_settings":"","qubely_interactions":"","om_disable_all_campaigns":false,"_uag_custom_page_level_css":"","_monsterinsights_skip_tracking":false,"_monsterinsights_sitenote_active":false,"_monsterinsights_sitenote_note":"","_monsterinsights_sitenote_category":0,"footnotes":""},"class_list":["post-11254","page","type-page","status-publish","hentry"],"aioseo_notices":[],"a3_pvc":{"activated":true,"total_views":1277,"today_views":1},"featured_image_urls_v2":{"full":"","thumbnail":"","medium":"","medium_large":"","large":"","1536x1536":"","2048x2048":"","qubely_landscape":"","qubely_portrait":"","qubely_thumbnail":"","gb-block-post-grid-landscape":"","gb-block-post-grid-square":"","ciesas":"","noticias":"","noticias_portrait":"","posgrados":"","fotoacademicos":"","noticias-investigacion":"","academico":"","academico-listado":"","sedes-foto":""},"post_excerpt_stackable_v2":"<p>Definici\u00f3n Definici\u00f3n: La antropolog\u00eda m\u00e9dica (AM) es una subdisciplina de la antropolog\u00eda social con una amplia trayectoria en el CIESAS y con potencial de expansi\u00f3n y demanda en M\u00e9xico y Am\u00e9rica Latina en general; por las necesidades crecientes de entender los procesos salud-enfermedad-atenci\u00f3n (s\/e\/a), analizar los sistemas de salud y sus problem\u00e1ticas socioculturales, as\u00ed como contribuir en la construcci\u00f3n y evaluaci\u00f3n de la pol\u00edtica p\u00fablica en salud desde una perspectiva social cr\u00edtica.&nbsp; La AM comprende de manera integral elementos del proceso s\/e\/a, el ciclo de vida y la prevenci\u00f3n de la enfermedad, mismos que las poblaciones humanas en condiciones socioculturales&hellip;<\/p>\n<div class=\"pvc_clear\"><\/div>\n<p id=\"pvc_stats_11254\" class=\"pvc_stats all  \" data-element-id=\"11254\" style=\"\"><i class=\"pvc-stats-icon small\" aria-hidden=\"true\"><svg aria-hidden=\"true\" focusable=\"false\" data-prefix=\"far\" data-icon=\"chart-bar\" role=\"img\" xmlns=\"http:\/\/www.w3.org\/2000\/svg\" viewBox=\"0 0 512 512\" class=\"svg-inline--fa fa-chart-bar fa-w-16 fa-2x\"><path fill=\"currentColor\" d=\"M396.8 352h22.4c6.4 0 12.8-6.4 12.8-12.8V108.8c0-6.4-6.4-12.8-12.8-12.8h-22.4c-6.4 0-12.8 6.4-12.8 12.8v230.4c0 6.4 6.4 12.8 12.8 12.8zm-192 0h22.4c6.4 0 12.8-6.4 12.8-12.8V140.8c0-6.4-6.4-12.8-12.8-12.8h-22.4c-6.4 0-12.8 6.4-12.8 12.8v198.4c0 6.4 6.4 12.8 12.8 12.8zm96 0h22.4c6.4 0 12.8-6.4 12.8-12.8V204.8c0-6.4-6.4-12.8-12.8-12.8h-22.4c-6.4 0-12.8 6.4-12.8 12.8v134.4c0 6.4 6.4 12.8 12.8 12.8zM496 400H48V80c0-8.84-7.16-16-16-16H16C7.16 64 0 71.16 0 80v336c0 17.67 14.33 32 32 32h464c8.84 0 16-7.16 16-16v-16c0-8.84-7.16-16-16-16zm-387.2-48h22.4c6.4 0 12.8-6.4 12.8-12.8v-70.4c0-6.4-6.4-12.8-12.8-12.8h-22.4c-6.4 0-12.8 6.4-12.8 12.8v70.4c0 6.4 6.4 12.8 12.8 12.8z\" class=\"\"><\/path><\/svg><\/i> <img loading=\"lazy\" decoding=\"async\" width=\"16\" height=\"16\" alt=\"Loading\" src=\"https:\/\/ciesas.edu.mx\/investigacion\/wp-content\/plugins\/page-views-count\/ajax-loader-2x.gif\" border=0 \/><\/p>\n<div class=\"pvc_clear\"><\/div>\n","category_list_v2":"","author_info_v2":{"name":"Elizabeth","url":"https:\/\/ciesas.edu.mx\/investigacion\/author\/elizabeth\/"},"comments_num_v2":"0 comentarios","featured_image_src":null,"featured_image_src_square":null,"uagb_featured_image_src":{"full":false,"thumbnail":false,"medium":false,"medium_large":false,"large":false,"1536x1536":false,"2048x2048":false,"qubely_landscape":false,"qubely_portrait":false,"qubely_thumbnail":false,"gb-block-post-grid-landscape":false,"gb-block-post-grid-square":false,"ciesas":false,"noticias":false,"noticias_portrait":false,"posgrados":false,"fotoacademicos":false,"noticias-investigacion":false,"academico":false,"academico-listado":false,"sedes-foto":false},"uagb_author_info":{"display_name":"Elizabeth","author_link":"https:\/\/ciesas.edu.mx\/investigacion\/author\/elizabeth\/"},"uagb_comment_info":0,"uagb_excerpt":null,"_links":{"self":[{"href":"https:\/\/ciesas.edu.mx\/investigacion\/wp-json\/wp\/v2\/pages\/11254","targetHints":{"allow":["GET"]}}],"collection":[{"href":"https:\/\/ciesas.edu.mx\/investigacion\/wp-json\/wp\/v2\/pages"}],"about":[{"href":"https:\/\/ciesas.edu.mx\/investigacion\/wp-json\/wp\/v2\/types\/page"}],"author":[{"embeddable":true,"href":"https:\/\/ciesas.edu.mx\/investigacion\/wp-json\/wp\/v2\/users\/5"}],"replies":[{"embeddable":true,"href":"https:\/\/ciesas.edu.mx\/investigacion\/wp-json\/wp\/v2\/comments?post=11254"}],"version-history":[{"count":0,"href":"https:\/\/ciesas.edu.mx\/investigacion\/wp-json\/wp\/v2\/pages\/11254\/revisions"}],"up":[{"embeddable":true,"href":"https:\/\/ciesas.edu.mx\/investigacion\/wp-json\/wp\/v2\/pages\/12222"}],"wp:attachment":[{"href":"https:\/\/ciesas.edu.mx\/investigacion\/wp-json\/wp\/v2\/media?parent=11254"}],"curies":[{"name":"wp","href":"https:\/\/api.w.org\/{rel}","templated":true}]}}