{"id":7547,"date":"2020-06-09T16:20:17","date_gmt":"2020-06-09T16:20:17","guid":{"rendered":"https:\/\/capazmente.com\/investigacion\/?page_id=7547"},"modified":"2020-06-09T16:20:17","modified_gmt":"2020-06-09T16:20:17","slug":"politica-publica-y-sectorial","status":"publish","type":"page","link":"https:\/\/ciesas.edu.mx\/investigacion\/politica-cientifica\/politica-publica-y-sectorial\/","title":{"rendered":"Pol\u00edtica P\u00fablica y Sectorial"},"content":{"rendered":"\n<div class=\"wp-block-qubely-row qubely-section qubely-block-472d47\"><div class=\"qubely-row-overlay\"><\/div><div class=\"qubely-container\"><div class=\"qubely-row \">\n<div class=\"wp-block-qubely-column qubely-column qubely-column-front qubely-block-865daa\"><div class=\"qubely-column-inner\">\n<p class=\"wp-block-paragraph\"><em>En esta secci\u00f3n se incluir\u00e1n los aspectos relevantes del programa sectorial de mediano plazo, en materia de investigaci\u00f3n cient\u00edfica, tales como las directrices de pol\u00edtica, objetivos, estrategias, etc.<\/em><\/p>\n<\/div><\/div>\n<\/div><\/div><\/div>\n<div class=\"pvc_clear\"><\/div><p id=\"pvc_stats_7547\" class=\"pvc_stats all  \" data-element-id=\"7547\" style=\"\"><i class=\"pvc-stats-icon small\" aria-hidden=\"true\"><svg aria-hidden=\"true\" focusable=\"false\" data-prefix=\"far\" data-icon=\"chart-bar\" role=\"img\" xmlns=\"http:\/\/www.w3.org\/2000\/svg\" viewBox=\"0 0 512 512\" class=\"svg-inline--fa fa-chart-bar fa-w-16 fa-2x\"><path fill=\"currentColor\" d=\"M396.8 352h22.4c6.4 0 12.8-6.4 12.8-12.8V108.8c0-6.4-6.4-12.8-12.8-12.8h-22.4c-6.4 0-12.8 6.4-12.8 12.8v230.4c0 6.4 6.4 12.8 12.8 12.8zm-192 0h22.4c6.4 0 12.8-6.4 12.8-12.8V140.8c0-6.4-6.4-12.8-12.8-12.8h-22.4c-6.4 0-12.8 6.4-12.8 12.8v198.4c0 6.4 6.4 12.8 12.8 12.8zm96 0h22.4c6.4 0 12.8-6.4 12.8-12.8V204.8c0-6.4-6.4-12.8-12.8-12.8h-22.4c-6.4 0-12.8 6.4-12.8 12.8v134.4c0 6.4 6.4 12.8 12.8 12.8zM496 400H48V80c0-8.84-7.16-16-16-16H16C7.16 64 0 71.16 0 80v336c0 17.67 14.33 32 32 32h464c8.84 0 16-7.16 16-16v-16c0-8.84-7.16-16-16-16zm-387.2-48h22.4c6.4 0 12.8-6.4 12.8-12.8v-70.4c0-6.4-6.4-12.8-12.8-12.8h-22.4c-6.4 0-12.8 6.4-12.8 12.8v70.4c0 6.4 6.4 12.8 12.8 12.8z\" class=\"\"><\/path><\/svg><\/i> <img loading=\"lazy\" decoding=\"async\" width=\"16\" height=\"16\" alt=\"Loading\" src=\"https:\/\/ciesas.edu.mx\/investigacion\/wp-content\/plugins\/page-views-count\/ajax-loader-2x.gif\" border=0 \/><\/p><div class=\"pvc_clear\"><\/div>","protected":false},"excerpt":{"rendered":"<div class=\"pvc_clear\"><\/div>\n<p id=\"pvc_stats_7547\" class=\"pvc_stats all  \" data-element-id=\"7547\" style=\"\"><i class=\"pvc-stats-icon small\" aria-hidden=\"true\"><svg aria-hidden=\"true\" focusable=\"false\" data-prefix=\"far\" data-icon=\"chart-bar\" role=\"img\" xmlns=\"http:\/\/www.w3.org\/2000\/svg\" viewBox=\"0 0 512 512\" class=\"svg-inline--fa fa-chart-bar fa-w-16 fa-2x\"><path fill=\"currentColor\" d=\"M396.8 352h22.4c6.4 0 12.8-6.4 12.8-12.8V108.8c0-6.4-6.4-12.8-12.8-12.8h-22.4c-6.4 0-12.8 6.4-12.8 12.8v230.4c0 6.4 6.4 12.8 12.8 12.8zm-192 0h22.4c6.4 0 12.8-6.4 12.8-12.8V140.8c0-6.4-6.4-12.8-12.8-12.8h-22.4c-6.4 0-12.8 6.4-12.8 12.8v198.4c0 6.4 6.4 12.8 12.8 12.8zm96 0h22.4c6.4 0 12.8-6.4 12.8-12.8V204.8c0-6.4-6.4-12.8-12.8-12.8h-22.4c-6.4 0-12.8 6.4-12.8 12.8v134.4c0 6.4 6.4 12.8 12.8 12.8zM496 400H48V80c0-8.84-7.16-16-16-16H16C7.16 64 0 71.16 0 80v336c0 17.67 14.33 32 32 32h464c8.84 0 16-7.16 16-16v-16c0-8.84-7.16-16-16-16zm-387.2-48h22.4c6.4 0 12.8-6.4 12.8-12.8v-70.4c0-6.4-6.4-12.8-12.8-12.8h-22.4c-6.4 0-12.8 6.4-12.8 12.8v70.4c0 6.4 6.4 12.8 12.8 12.8z\" class=\"\"><\/path><\/svg><\/i> <img loading=\"lazy\" decoding=\"async\" width=\"16\" height=\"16\" alt=\"Loading\" src=\"https:\/\/ciesas.edu.mx\/investigacion\/wp-content\/plugins\/page-views-count\/ajax-loader-2x.gif\" border=0 \/><\/p>\n<div class=\"pvc_clear\"><\/div>\n","protected":false},"author":5,"featured_media":0,"parent":7155,"menu_order":99,"comment_status":"closed","ping_status":"closed","template":"","meta":{"qubely_global_settings":"","qubely_interactions":"","om_disable_all_campaigns":false,"_uag_custom_page_level_css":"","_monsterinsights_skip_tracking":false,"footnotes":""},"class_list":["post-7547","page","type-page","status-publish","hentry"],"aioseo_notices":[],"aioseo_head":"\n\t\t<!-- All in One SEO 5.0.1.1 - aioseo.com -->\n\t<meta name=\"description\" content=\"En esta secci\u00f3n se incluir\u00e1n los aspectos relevantes del programa sectorial de mediano plazo, en materia de investigaci\u00f3n cient\u00edfica, tales como las directrices de pol\u00edtica, objetivos, estrategias, etc.\" \/>\n\t<meta name=\"robots\" content=\"max-image-preview:large\" \/>\n\t<link rel=\"canonical\" href=\"https:\/\/ciesas.edu.mx\/investigacion\/politica-cientifica\/politica-publica-y-sectorial\/\" \/>\n\t<meta name=\"generator\" content=\"All in One SEO (AIOSEO) 5.0.1.1\" \/>\n\t\t<meta property=\"og:locale\" content=\"es_ES\" \/>\n\t\t<meta property=\"og:site_name\" content=\"Investigaci\u00f3n - CIESAS | Investigaci\u00f3n\" \/>\n\t\t<meta property=\"og:type\" content=\"article\" \/>\n\t\t<meta property=\"og:title\" content=\"Pol\u00edtica P\u00fablica y Sectorial - Investigaci\u00f3n\" \/>\n\t\t<meta property=\"og:description\" content=\"En esta secci\u00f3n se incluir\u00e1n los aspectos relevantes del programa sectorial de mediano plazo, en materia de investigaci\u00f3n cient\u00edfica, tales como las directrices de pol\u00edtica, objetivos, estrategias, etc.\" \/>\n\t\t<meta property=\"og:url\" content=\"https:\/\/ciesas.edu.mx\/investigacion\/politica-cientifica\/politica-publica-y-sectorial\/\" \/>\n\t\t<meta property=\"article:published_time\" content=\"2020-06-09T16:20:17+00:00\" \/>\n\t\t<meta property=\"article:modified_time\" content=\"2020-06-09T16:20:17+00:00\" \/>\n\t\t<meta property=\"article:publisher\" content=\"https:\/\/facebook.com\/ciesas.oficial\" \/>\n\t\t<meta name=\"twitter:card\" content=\"summary_large_image\" \/>\n\t\t<meta name=\"twitter:site\" content=\"@ciesas\" \/>\n\t\t<meta name=\"twitter:title\" content=\"Pol\u00edtica P\u00fablica y Sectorial - Investigaci\u00f3n\" \/>\n\t\t<meta name=\"twitter:description\" content=\"En esta secci\u00f3n se incluir\u00e1n los aspectos relevantes del programa sectorial de mediano plazo, en materia de investigaci\u00f3n cient\u00edfica, tales como las directrices de pol\u00edtica, objetivos, estrategias, etc.\" \/>\n\t\t<meta name=\"twitter:creator\" content=\"@ciesas\" \/>\n\t\t<script type=\"application\/ld+json\" class=\"aioseo-schema\">\n\t\t\t{\"@context\":\"https:\\\/\\\/schema.org\",\"@graph\":[{\"@type\":\"BreadcrumbList\",\"@id\":\"https:\\\/\\\/ciesas.edu.mx\\\/investigacion\\\/politica-cientifica\\\/politica-publica-y-sectorial\\\/#breadcrumblist\",\"itemListElement\":[{\"@type\":\"ListItem\",\"@id\":\"https:\\\/\\\/ciesas.edu.mx\\\/investigacion#listItem\",\"position\":1,\"name\":\"Home\",\"item\":\"https:\\\/\\\/ciesas.edu.mx\\\/investigacion\",\"nextItem\":{\"@type\":\"ListItem\",\"@id\":\"https:\\\/\\\/ciesas.edu.mx\\\/investigacion\\\/politica-cientifica\\\/#listItem\",\"name\":\"Pol\\u00edtica Cient\\u00edfica\"}},{\"@type\":\"ListItem\",\"@id\":\"https:\\\/\\\/ciesas.edu.mx\\\/investigacion\\\/politica-cientifica\\\/#listItem\",\"position\":2,\"name\":\"Pol\\u00edtica Cient\\u00edfica\",\"item\":\"https:\\\/\\\/ciesas.edu.mx\\\/investigacion\\\/politica-cientifica\\\/\",\"nextItem\":{\"@type\":\"ListItem\",\"@id\":\"https:\\\/\\\/ciesas.edu.mx\\\/investigacion\\\/politica-cientifica\\\/politica-publica-y-sectorial\\\/#listItem\",\"name\":\"Pol\\u00edtica P\\u00fablica y Sectorial\"},\"previousItem\":{\"@type\":\"ListItem\",\"@id\":\"https:\\\/\\\/ciesas.edu.mx\\\/investigacion#listItem\",\"name\":\"Home\"}},{\"@type\":\"ListItem\",\"@id\":\"https:\\\/\\\/ciesas.edu.mx\\\/investigacion\\\/politica-cientifica\\\/politica-publica-y-sectorial\\\/#listItem\",\"position\":3,\"name\":\"Pol\\u00edtica P\\u00fablica y Sectorial\",\"previousItem\":{\"@type\":\"ListItem\",\"@id\":\"https:\\\/\\\/ciesas.edu.mx\\\/investigacion\\\/politica-cientifica\\\/#listItem\",\"name\":\"Pol\\u00edtica Cient\\u00edfica\"}}]},{\"@type\":\"Organization\",\"@id\":\"https:\\\/\\\/ciesas.edu.mx\\\/investigacion\\\/#organization\",\"name\":\"Investigaci\\u00f3n\",\"description\":\"CIESAS | Investigaci\\u00f3n\",\"url\":\"https:\\\/\\\/ciesas.edu.mx\\\/investigacion\\\/\",\"logo\":{\"@type\":\"ImageObject\",\"url\":\"https:\\\/\\\/ciesas.edu.mx\\\/investigacion\\\/wp-content\\\/uploads\\\/2020\\\/10\\\/cropped-Logos-Conacyt-CIESAS-1.jpg\",\"@id\":\"https:\\\/\\\/ciesas.edu.mx\\\/investigacion\\\/politica-cientifica\\\/politica-publica-y-sectorial\\\/#organizationLogo\",\"width\":512,\"height\":512},\"image\":{\"@id\":\"https:\\\/\\\/ciesas.edu.mx\\\/investigacion\\\/politica-cientifica\\\/politica-publica-y-sectorial\\\/#organizationLogo\"},\"sameAs\":[\"https:\\\/\\\/facebook.com\\\/ciesas.oficial\",\"https:\\\/\\\/twitter.com\\\/ciesas\",\"https:\\\/\\\/instagram.com\\\/ciesas.oficial\"]},{\"@type\":\"WebPage\",\"@id\":\"https:\\\/\\\/ciesas.edu.mx\\\/investigacion\\\/politica-cientifica\\\/politica-publica-y-sectorial\\\/#webpage\",\"url\":\"https:\\\/\\\/ciesas.edu.mx\\\/investigacion\\\/politica-cientifica\\\/politica-publica-y-sectorial\\\/\",\"name\":\"Pol\\u00edtica P\\u00fablica y Sectorial - Investigaci\\u00f3n\",\"description\":\"En esta secci\\u00f3n se incluir\\u00e1n los aspectos relevantes del programa sectorial de mediano plazo, en materia de investigaci\\u00f3n cient\\u00edfica, tales como las directrices de pol\\u00edtica, objetivos, estrategias, etc.\",\"inLanguage\":\"es-ES\",\"isPartOf\":{\"@id\":\"https:\\\/\\\/ciesas.edu.mx\\\/investigacion\\\/#website\"},\"breadcrumb\":{\"@id\":\"https:\\\/\\\/ciesas.edu.mx\\\/investigacion\\\/politica-cientifica\\\/politica-publica-y-sectorial\\\/#breadcrumblist\"},\"datePublished\":\"2020-06-09T16:20:17+00:00\",\"dateModified\":\"2020-06-09T16:20:17+00:00\"},{\"@type\":\"WebSite\",\"@id\":\"https:\\\/\\\/ciesas.edu.mx\\\/investigacion\\\/#website\",\"url\":\"https:\\\/\\\/ciesas.edu.mx\\\/investigacion\\\/\",\"name\":\"Investigaci\\u00f3n\",\"description\":\"CIESAS | Investigaci\\u00f3n\",\"inLanguage\":\"es-ES\",\"publisher\":{\"@id\":\"https:\\\/\\\/ciesas.edu.mx\\\/investigacion\\\/#organization\"}}]}\n\t\t<\/script>\n\t\t<!-- All in One SEO -->\n\n","aioseo_head_json":{"title":"Pol\u00edtica P\u00fablica y Sectorial - Investigaci\u00f3n","description":"En esta secci\u00f3n se incluir\u00e1n los aspectos relevantes del programa sectorial de mediano plazo, en materia de investigaci\u00f3n cient\u00edfica, tales como las directrices de pol\u00edtica, objetivos, estrategias, etc.","canonical_url":"https:\/\/ciesas.edu.mx\/investigacion\/politica-cientifica\/politica-publica-y-sectorial\/","robots":"max-image-preview:large","keywords":"","webmasterTools":{"miscellaneous":""},"schema":{"@context":"https:\/\/schema.org","@graph":[{"@type":"BreadcrumbList","@id":"https:\/\/ciesas.edu.mx\/investigacion\/politica-cientifica\/politica-publica-y-sectorial\/#breadcrumblist","itemListElement":[{"@type":"ListItem","@id":"https:\/\/ciesas.edu.mx\/investigacion#listItem","position":1,"name":"Home","item":"https:\/\/ciesas.edu.mx\/investigacion","nextItem":{"@type":"ListItem","@id":"https:\/\/ciesas.edu.mx\/investigacion\/politica-cientifica\/#listItem","name":"Pol\u00edtica Cient\u00edfica"}},{"@type":"ListItem","@id":"https:\/\/ciesas.edu.mx\/investigacion\/politica-cientifica\/#listItem","position":2,"name":"Pol\u00edtica Cient\u00edfica","item":"https:\/\/ciesas.edu.mx\/investigacion\/politica-cientifica\/","nextItem":{"@type":"ListItem","@id":"https:\/\/ciesas.edu.mx\/investigacion\/politica-cientifica\/politica-publica-y-sectorial\/#listItem","name":"Pol\u00edtica P\u00fablica y Sectorial"},"previousItem":{"@type":"ListItem","@id":"https:\/\/ciesas.edu.mx\/investigacion#listItem","name":"Home"}},{"@type":"ListItem","@id":"https:\/\/ciesas.edu.mx\/investigacion\/politica-cientifica\/politica-publica-y-sectorial\/#listItem","position":3,"name":"Pol\u00edtica P\u00fablica y Sectorial","previousItem":{"@type":"ListItem","@id":"https:\/\/ciesas.edu.mx\/investigacion\/politica-cientifica\/#listItem","name":"Pol\u00edtica Cient\u00edfica"}}]},{"@type":"Organization","@id":"https:\/\/ciesas.edu.mx\/investigacion\/#organization","name":"Investigaci\u00f3n","description":"CIESAS | Investigaci\u00f3n","url":"https:\/\/ciesas.edu.mx\/investigacion\/","logo":{"@type":"ImageObject","url":"https:\/\/ciesas.edu.mx\/investigacion\/wp-content\/uploads\/2020\/10\/cropped-Logos-Conacyt-CIESAS-1.jpg","@id":"https:\/\/ciesas.edu.mx\/investigacion\/politica-cientifica\/politica-publica-y-sectorial\/#organizationLogo","width":512,"height":512},"image":{"@id":"https:\/\/ciesas.edu.mx\/investigacion\/politica-cientifica\/politica-publica-y-sectorial\/#organizationLogo"},"sameAs":["https:\/\/facebook.com\/ciesas.oficial","https:\/\/twitter.com\/ciesas","https:\/\/instagram.com\/ciesas.oficial"]},{"@type":"WebPage","@id":"https:\/\/ciesas.edu.mx\/investigacion\/politica-cientifica\/politica-publica-y-sectorial\/#webpage","url":"https:\/\/ciesas.edu.mx\/investigacion\/politica-cientifica\/politica-publica-y-sectorial\/","name":"Pol\u00edtica P\u00fablica y Sectorial - Investigaci\u00f3n","description":"En esta secci\u00f3n se incluir\u00e1n los aspectos relevantes del programa sectorial de mediano plazo, en materia de investigaci\u00f3n cient\u00edfica, tales como las directrices de pol\u00edtica, objetivos, estrategias, etc.","inLanguage":"es-ES","isPartOf":{"@id":"https:\/\/ciesas.edu.mx\/investigacion\/#website"},"breadcrumb":{"@id":"https:\/\/ciesas.edu.mx\/investigacion\/politica-cientifica\/politica-publica-y-sectorial\/#breadcrumblist"},"datePublished":"2020-06-09T16:20:17+00:00","dateModified":"2020-06-09T16:20:17+00:00"},{"@type":"WebSite","@id":"https:\/\/ciesas.edu.mx\/investigacion\/#website","url":"https:\/\/ciesas.edu.mx\/investigacion\/","name":"Investigaci\u00f3n","description":"CIESAS | Investigaci\u00f3n","inLanguage":"es-ES","publisher":{"@id":"https:\/\/ciesas.edu.mx\/investigacion\/#organization"}}]},"og:locale":"es_ES","og:site_name":"Investigaci\u00f3n - CIESAS | Investigaci\u00f3n","og:type":"article","og:title":"Pol\u00edtica P\u00fablica y Sectorial - Investigaci\u00f3n","og:description":"En esta secci\u00f3n se incluir\u00e1n los aspectos relevantes del programa sectorial de mediano plazo, en materia de investigaci\u00f3n cient\u00edfica, tales como las directrices de pol\u00edtica, objetivos, estrategias, etc.","og:url":"https:\/\/ciesas.edu.mx\/investigacion\/politica-cientifica\/politica-publica-y-sectorial\/","article:published_time":"2020-06-09T16:20:17+00:00","article:modified_time":"2020-06-09T16:20:17+00:00","article:publisher":"https:\/\/facebook.com\/ciesas.oficial","twitter:card":"summary_large_image","twitter:site":"@ciesas","twitter:title":"Pol\u00edtica P\u00fablica y Sectorial - Investigaci\u00f3n","twitter:description":"En esta secci\u00f3n se incluir\u00e1n los aspectos relevantes del programa sectorial de mediano plazo, en materia de investigaci\u00f3n cient\u00edfica, tales como las directrices de pol\u00edtica, objetivos, estrategias, etc.","twitter:creator":"@ciesas"},"aioseo_meta_data":{"post_id":"7547","title":null,"description":null,"keywords":null,"keyphrases":null,"primary_term":null,"canonical_url":null,"og_title":null,"og_description":null,"og_object_type":"default","og_image_type":"default","og_image_url":null,"og_image_width":null,"og_image_height":null,"og_image_custom_url":null,"og_image_custom_fields":null,"og_video":null,"og_custom_url":null,"og_article_section":null,"og_article_tags":null,"twitter_use_og":false,"twitter_card":"default","twitter_image_type":"default","twitter_image_url":null,"twitter_image_custom_url":null,"twitter_image_custom_fields":null,"twitter_title":null,"twitter_description":null,"schema":{"blockGraphs":[],"customGraphs":[],"default":{"data":{"Article":[],"Course":[],"Dataset":[],"FAQPage":[],"Movie":[],"Person":[],"Product":[],"ProductReview":[],"Car":[],"Recipe":[],"Service":[],"SoftwareApplication":[],"WebPage":[]},"graphName":"","isEnabled":true},"graphs":[]},"schema_type":"default","schema_type_options":null,"pillar_content":false,"robots_default":true,"robots_noindex":false,"robots_noarchive":false,"robots_nosnippet":false,"robots_nofollow":false,"robots_noimageindex":false,"robots_noodp":false,"robots_notranslate":false,"robots_max_snippet":null,"robots_max_videopreview":null,"robots_max_imagepreview":"large","priority":null,"frequency":null,"local_seo":null,"breadcrumb_settings":null,"limit_modified_date":false,"ai":null,"created":"2023-09-14 09:21:08","updated":"2025-07-04 02:14:13","seo_analyzer_scan_date":null,"focus_keyword":null,"additional_keywords":null,"truseo_locale":null},"aioseo_breadcrumb":"<div class=\"aioseo-breadcrumbs\"><span class=\"aioseo-breadcrumb\">\n\t\t\t<a href=\"https:\/\/ciesas.edu.mx\/investigacion\" title=\"Home\">Home<\/a>\n\t\t<\/span><span class=\"aioseo-breadcrumb-separator\">&raquo;<\/span><span class=\"aioseo-breadcrumb\">\n\t\t\t<a href=\"https:\/\/ciesas.edu.mx\/investigacion\/politica-cientifica\/\" title=\"Pol\u00edtica Cient\u00edfica\">Pol\u00edtica Cient\u00edfica<\/a>\n\t\t<\/span><span class=\"aioseo-breadcrumb-separator\">&raquo;<\/span><span class=\"aioseo-breadcrumb\">\n\t\t\tPol\u00edtica P\u00fablica y Sectorial\n\t\t<\/span><\/div>","aioseo_breadcrumb_json":[{"label":"Home","link":"https:\/\/ciesas.edu.mx\/investigacion"},{"label":"Pol\u00edtica Cient\u00edfica","link":"https:\/\/ciesas.edu.mx\/investigacion\/politica-cientifica\/"},{"label":"Pol\u00edtica P\u00fablica y Sectorial","link":"https:\/\/ciesas.edu.mx\/investigacion\/politica-cientifica\/politica-publica-y-sectorial\/"}],"a3_pvc":{"activated":true,"total_views":34,"today_views":0},"featured_image_urls_v2":{"full":"","thumbnail":"","medium":"","medium_large":"","large":"","1536x1536":"","2048x2048":"","qubely_landscape":"","qubely_portrait":"","qubely_thumbnail":"","gb-block-post-grid-landscape":"","gb-block-post-grid-square":"","ciesas":"","noticias":"","noticias_portrait":"","posgrados":"","fotoacademicos":"","noticias-investigacion":"","academico":"","academico-listado":"","sedes-foto":""},"post_excerpt_stackable_v2":"<p>En esta secci\u00f3n se incluir\u00e1n los aspectos relevantes del programa sectorial de mediano plazo, en materia de investigaci\u00f3n cient\u00edfica, tales como las directrices de pol\u00edtica, objetivos, estrategias, etc.<\/p>\n<div class=\"pvc_clear\"><\/div>\n<p id=\"pvc_stats_7547\" class=\"pvc_stats all  \" data-element-id=\"7547\" style=\"\"><i class=\"pvc-stats-icon small\" aria-hidden=\"true\"><svg aria-hidden=\"true\" focusable=\"false\" data-prefix=\"far\" data-icon=\"chart-bar\" role=\"img\" xmlns=\"http:\/\/www.w3.org\/2000\/svg\" viewBox=\"0 0 512 512\" class=\"svg-inline--fa fa-chart-bar fa-w-16 fa-2x\"><path fill=\"currentColor\" d=\"M396.8 352h22.4c6.4 0 12.8-6.4 12.8-12.8V108.8c0-6.4-6.4-12.8-12.8-12.8h-22.4c-6.4 0-12.8 6.4-12.8 12.8v230.4c0 6.4 6.4 12.8 12.8 12.8zm-192 0h22.4c6.4 0 12.8-6.4 12.8-12.8V140.8c0-6.4-6.4-12.8-12.8-12.8h-22.4c-6.4 0-12.8 6.4-12.8 12.8v198.4c0 6.4 6.4 12.8 12.8 12.8zm96 0h22.4c6.4 0 12.8-6.4 12.8-12.8V204.8c0-6.4-6.4-12.8-12.8-12.8h-22.4c-6.4 0-12.8 6.4-12.8 12.8v134.4c0 6.4 6.4 12.8 12.8 12.8zM496 400H48V80c0-8.84-7.16-16-16-16H16C7.16 64 0 71.16 0 80v336c0 17.67 14.33 32 32 32h464c8.84 0 16-7.16 16-16v-16c0-8.84-7.16-16-16-16zm-387.2-48h22.4c6.4 0 12.8-6.4 12.8-12.8v-70.4c0-6.4-6.4-12.8-12.8-12.8h-22.4c-6.4 0-12.8 6.4-12.8 12.8v70.4c0 6.4 6.4 12.8 12.8 12.8z\" class=\"\"><\/path><\/svg><\/i> <img loading=\"lazy\" decoding=\"async\" width=\"16\" height=\"16\" alt=\"Loading\" src=\"https:\/\/ciesas.edu.mx\/investigacion\/wp-content\/plugins\/page-views-count\/ajax-loader-2x.gif\" border=0 \/><\/p>\n<div class=\"pvc_clear\"><\/div>\n","category_list_v2":"","author_info_v2":{"name":"Elizabeth","url":"https:\/\/ciesas.edu.mx\/investigacion\/author\/elizabeth\/"},"comments_num_v2":"0 comentarios","featured_image_src":null,"featured_image_src_square":null,"uagb_featured_image_src":{"full":false,"thumbnail":false,"medium":false,"medium_large":false,"large":false,"1536x1536":false,"2048x2048":false,"qubely_landscape":false,"qubely_portrait":false,"qubely_thumbnail":false,"gb-block-post-grid-landscape":false,"gb-block-post-grid-square":false,"ciesas":false,"noticias":false,"noticias_portrait":false,"posgrados":false,"fotoacademicos":false,"noticias-investigacion":false,"academico":false,"academico-listado":false,"sedes-foto":false},"uagb_author_info":{"display_name":"Elizabeth","author_link":"https:\/\/ciesas.edu.mx\/investigacion\/author\/elizabeth\/"},"uagb_comment_info":0,"uagb_excerpt":null,"_links":{"self":[{"href":"https:\/\/ciesas.edu.mx\/investigacion\/wp-json\/wp\/v2\/pages\/7547","targetHints":{"allow":["GET"]}}],"collection":[{"href":"https:\/\/ciesas.edu.mx\/investigacion\/wp-json\/wp\/v2\/pages"}],"about":[{"href":"https:\/\/ciesas.edu.mx\/investigacion\/wp-json\/wp\/v2\/types\/page"}],"author":[{"embeddable":true,"href":"https:\/\/ciesas.edu.mx\/investigacion\/wp-json\/wp\/v2\/users\/5"}],"replies":[{"embeddable":true,"href":"https:\/\/ciesas.edu.mx\/investigacion\/wp-json\/wp\/v2\/comments?post=7547"}],"version-history":[{"count":0,"href":"https:\/\/ciesas.edu.mx\/investigacion\/wp-json\/wp\/v2\/pages\/7547\/revisions"}],"up":[{"embeddable":true,"href":"https:\/\/ciesas.edu.mx\/investigacion\/wp-json\/wp\/v2\/pages\/7155"}],"wp:attachment":[{"href":"https:\/\/ciesas.edu.mx\/investigacion\/wp-json\/wp\/v2\/media?parent=7547"}],"curies":[{"name":"wp","href":"https:\/\/api.w.org\/{rel}","templated":true}]}}